{"id":432,"date":"2013-11-08T16:19:07","date_gmt":"2013-11-08T15:19:07","guid":{"rendered":"http:\/\/www.lawebradio.com\/news\/?page_id=432"},"modified":"2021-03-18T21:47:36","modified_gmt":"2021-03-18T20:47:36","slug":"best-of-mensuel-radios-numeriques-les-ecoutees","status":"publish","type":"page","link":"https:\/\/www.lawebradio.com\/news\/best-of-mensuel-radios-numeriques-les-ecoutees\/","title":{"rendered":"Classement des radios digitales les plus \u00e9cout\u00e9es"},"content":{"rendered":"<p>[et_pb_section fb_built=\u00a0\u00bb1&Prime; _builder_version=\u00a0\u00bb4.6.5&Prime; custom_margin=\u00a0\u00bb0px||||false|false\u00a0\u00bb custom_padding=\u00a0\u00bb0px||||false|false\u00a0\u00bb][et_pb_row _builder_version=\u00a0\u00bb4.6.5&Prime; background_size=\u00a0\u00bbinitial\u00a0\u00bb background_position=\u00a0\u00bbtop_left\u00a0\u00bb background_repeat=\u00a0\u00bbrepeat\u00a0\u00bb custom_margin=\u00a0\u00bb0px||||false|false\u00a0\u00bb custom_padding=\u00a0\u00bb0px||||false|false\u00a0\u00bb][et_pb_column type=\u00a0\u00bb4_4&Prime; _builder_version=\u00a0\u00bb3.25&Prime; custom_padding=\u00a0\u00bb|||\u00a0\u00bb custom_padding__hover=\u00a0\u00bb|||\u00a0\u00bb][et_pb_text _builder_version=\u00a0\u00bb4.8.0&Prime; text_font=\u00a0\u00bb|600|||||||\u00a0\u00bb header_5_font_size=\u00a0\u00bb10px\u00a0\u00bb background_size=\u00a0\u00bbinitial\u00a0\u00bb background_position=\u00a0\u00bbtop_left\u00a0\u00bb background_repeat=\u00a0\u00bbrepeat\u00a0\u00bb hover_enabled=\u00a0\u00bb0&Prime; sticky_enabled=\u00a0\u00bb0&Prime;]<\/p>\n<p>Top 3 sur les Ecoutes Actives dans le monde des 30 premi\u00e8res radios digitales fran\u00e7aises \u00ab\u00a0PURE-PLAYERS\u00a0\u00bb (<a href=\"https:\/\/www.lawebradio.com\/docs\/2021\/stats-acpm-fev2021.pdf\" target=\"_blank\" rel=\"noopener noreferrer\"><span style=\"text-decoration: underline;\">ACPM FEV 2021<\/span><\/a>)<\/p>\n<p><a href=\"http:\/\/www.radiomeuh.com\/\" target=\"_blank\" rel=\"noopener noreferrer\"><img loading=\"lazy\" decoding=\"async\" class=\"alignnone wp-image-5385\" src=\"https:\/\/www.lawebradio.com\/news\/wp-content\/uploads\/2018\/03\/top1-radio-meuh.jpg\" alt=\"\" width=\"514\" height=\"76\" srcset=\"https:\/\/www.lawebradio.com\/news\/wp-content\/uploads\/2018\/03\/top1-radio-meuh.jpg 642w, https:\/\/www.lawebradio.com\/news\/wp-content\/uploads\/2018\/03\/top1-radio-meuh-150x22.jpg 150w, https:\/\/www.lawebradio.com\/news\/wp-content\/uploads\/2018\/03\/top1-radio-meuh-300x44.jpg 300w, https:\/\/www.lawebradio.com\/news\/wp-content\/uploads\/2018\/03\/top1-radio-meuh-1x1.jpg 1w\" sizes=\"auto, (max-width: 514px) 100vw, 514px\" \/><\/a><br \/><a href=\"https:\/\/www.nrj.fr\/webradios\" target=\"_blank\" rel=\"noopener noreferrer\"><img loading=\"lazy\" decoding=\"async\" class=\"alignnone wp-image-6176\" src=\"https:\/\/www.lawebradio.com\/news\/wp-content\/uploads\/2020\/02\/top02-nrj-hits.jpg\" alt=\"\" width=\"514\" height=\"76\" srcset=\"https:\/\/www.lawebradio.com\/news\/wp-content\/uploads\/2020\/02\/top02-nrj-hits.jpg 642w, https:\/\/www.lawebradio.com\/news\/wp-content\/uploads\/2020\/02\/top02-nrj-hits-300x44.jpg 300w, https:\/\/www.lawebradio.com\/news\/wp-content\/uploads\/2020\/02\/top02-nrj-hits-150x22.jpg 150w\" sizes=\"auto, (max-width: 514px) 100vw, 514px\" \/><\/a><br \/><a href=\"http:\/\/www.djamradio.com\/\" target=\"_blank\" rel=\"noopener noreferrer\"><img loading=\"lazy\" decoding=\"async\" class=\"alignnone wp-image-5387\" src=\"https:\/\/www.lawebradio.com\/news\/wp-content\/uploads\/2018\/03\/top3-djam-radio.jpg\" alt=\"\" width=\"514\" height=\"76\" srcset=\"https:\/\/www.lawebradio.com\/news\/wp-content\/uploads\/2018\/03\/top3-djam-radio.jpg 642w, https:\/\/www.lawebradio.com\/news\/wp-content\/uploads\/2018\/03\/top3-djam-radio-150x22.jpg 150w, https:\/\/www.lawebradio.com\/news\/wp-content\/uploads\/2018\/03\/top3-djam-radio-300x44.jpg 300w, https:\/\/www.lawebradio.com\/news\/wp-content\/uploads\/2018\/03\/top3-djam-radio-1x1.jpg 1w\" sizes=\"auto, (max-width: 514px) 100vw, 514px\" \/><\/a><\/p>\n<p>[\/et_pb_text][et_pb_divider color=\u00a0\u00bb#666666&Prime; divider_position=\u00a0\u00bbcenter\u00a0\u00bb _builder_version=\u00a0\u00bb4.6.5&Prime; _module_preset=\u00a0\u00bbdefault\u00a0\u00bb][\/et_pb_divider][et_pb_text _builder_version=\u00a0\u00bb4.8.0&Prime; text_font=\u00a0\u00bb|600|||||||\u00a0\u00bb header_5_font_size=\u00a0\u00bb10px\u00a0\u00bb background_size=\u00a0\u00bbinitial\u00a0\u00bb background_position=\u00a0\u00bbtop_left\u00a0\u00bb background_repeat=\u00a0\u00bbrepeat\u00a0\u00bb hover_enabled=\u00a0\u00bb0&Prime; sticky_enabled=\u00a0\u00bb0&Prime;]<\/p>\n<p>Top 3 sur la Dur\u00e9e d&rsquo;Ecoute Totale en heure dans le monde des 30 premi\u00e8res radios FM diffus\u00e9es en ligne (<a href=\"https:\/\/www.lawebradio.com\/docs\/2021\/stats-acpm-fev2021.pdf\" target=\"_blank\" rel=\"noopener noreferrer\"><span style=\"text-decoration: underline;\">ACPM FEV 2021<\/span><\/a>)<\/p>\n<p><a href=\"https:\/\/www.franceinter.fr\/\" target=\"_blank\" rel=\"noopener noreferrer\"><img loading=\"lazy\" decoding=\"async\" class=\"alignnone wp-image-564\" src=\"https:\/\/www.lawebradio.com\/news\/wp-content\/uploads\/2016\/11\/top01-france-inter.jpg\" alt=\"France Inter\" width=\"514\" height=\"76\" \/><\/a><br \/><a href=\"http:\/\/rmc.bfmtv.com\/\" target=\"_blank\" rel=\"noopener noreferrer\"><img loading=\"lazy\" decoding=\"async\" class=\"alignnone wp-image-445\" src=\"https:\/\/www.lawebradio.com\/news\/wp-content\/uploads\/2017\/04\/top02-rmc.jpg\" alt=\"RMC\" width=\"514\" height=\"76\" \/><\/a><br \/><a href=\"https:\/\/www.francetvinfo.fr\/\" target=\"_blank\" rel=\"noopener noreferrer\"><img loading=\"lazy\" decoding=\"async\" class=\"alignnone wp-image-445\" src=\"https:\/\/www.lawebradio.com\/news\/wp-content\/uploads\/2016\/12\/top03-franceinfo.jpg\" alt=\"France Info\" width=\"514\" height=\"76\" \/><\/a><\/p>\n<p>[\/et_pb_text][et_pb_divider color=\u00a0\u00bb#666666&Prime; divider_position=\u00a0\u00bbcenter\u00a0\u00bb _builder_version=\u00a0\u00bb4.6.5&Prime; _module_preset=\u00a0\u00bbdefault\u00a0\u00bb][\/et_pb_divider][et_pb_text _builder_version=\u00a0\u00bb4.8.0&Prime; text_font=\u00a0\u00bb|600|||||||\u00a0\u00bb header_5_font_size=\u00a0\u00bb10px\u00a0\u00bb background_size=\u00a0\u00bbinitial\u00a0\u00bb background_position=\u00a0\u00bbtop_left\u00a0\u00bb background_repeat=\u00a0\u00bbrepeat\u00a0\u00bb hover_enabled=\u00a0\u00bb0&Prime; sticky_enabled=\u00a0\u00bb0&Prime;]<\/p>\n<p>Top 3 sur les Ecoutes Actives en heure dans le monde des 30 premi\u00e8res radios FM diffus\u00e9es en ligne (<a href=\"https:\/\/www.lawebradio.com\/docs\/2021\/stats-acpm-fev2021.pdf\" target=\"_blank\" rel=\"noopener noreferrer\"><span style=\"text-decoration: underline;\">ACPM FEV 2021<\/span><\/a>)<\/p>\n<p><a href=\"https:\/\/www.franceinter.fr\/\" target=\"_blank\" rel=\"noopener noreferrer\"><img loading=\"lazy\" decoding=\"async\" class=\"alignnone wp-image-564\" src=\"https:\/\/www.lawebradio.com\/news\/wp-content\/uploads\/2016\/11\/top01-france-inter.jpg\" alt=\"France Inter\" width=\"514\" height=\"76\" \/><\/a><br \/><a href=\"http:\/\/rmc.bfmtv.com\/\" target=\"_blank\" rel=\"noopener noreferrer\"><img loading=\"lazy\" decoding=\"async\" class=\"alignnone wp-image-445\" src=\"https:\/\/www.lawebradio.com\/news\/wp-content\/uploads\/2017\/04\/top02-rmc.jpg\" alt=\"RMC\" width=\"514\" height=\"76\" \/><\/a><br \/><a href=\"https:\/\/www.francetvinfo.fr\/\" target=\"_blank\" rel=\"noopener noreferrer\"><img loading=\"lazy\" decoding=\"async\" class=\"alignnone wp-image-445\" src=\"https:\/\/www.lawebradio.com\/news\/wp-content\/uploads\/2016\/12\/top03-franceinfo.jpg\" alt=\"France Info\" width=\"514\" height=\"76\" \/><\/a><\/p>\n<p>[\/et_pb_text][et_pb_divider color=\u00a0\u00bb#666666&Prime; divider_position=\u00a0\u00bbcenter\u00a0\u00bb _builder_version=\u00a0\u00bb4.6.5&Prime; _module_preset=\u00a0\u00bbdefault\u00a0\u00bb][\/et_pb_divider][et_pb_text admin_label=\u00a0\u00bbl\u00e9gende\u00a0\u00bb _builder_version=\u00a0\u00bb4.8.0&Prime; text_font_size=\u00a0\u00bb10px\u00a0\u00bb header_5_font_size=\u00a0\u00bb10px\u00a0\u00bb background_size=\u00a0\u00bbinitial\u00a0\u00bb background_position=\u00a0\u00bbtop_left\u00a0\u00bb background_repeat=\u00a0\u00bbrepeat\u00a0\u00bb hover_enabled=\u00a0\u00bb0&Prime; sticky_enabled=\u00a0\u00bb0&Prime;]<\/p>\n<p style=\"text-align: justify;\"><strong>D\u00e9finitions<\/strong><br \/>\u2022 Une Web Radio : Une Web Radio correspond au flux audio \u00ab live \u00bb diffus\u00e9 simultan\u00e9ment dans le Monde et sur n\u2019importe quel type de terminal num\u00e9rique, tel qu\u2019un P.C., un Smartphone, une Tablette, une TV connect\u00e9e, une Box Internet, un transistor num\u00e9rique ou encore un autoradio connect\u00e9, agr\u00e9gateurs de flux, etc. Une Web radio reprend, soit la radio d\u00e9j\u00e0 diffus\u00e9e sur les ondes, soit le flux audio uniquement disponible sur le r\u00e9seau num\u00e9rique.<br \/>\u2022 Ecoutes actives Monde (ou Sessions d\u2019Ecoutes actives Monde) : Nombre d\u2019Ecoutes totales d\u2019une Radio sur Internet, ouvertes depuis 30 secondes ou plus, tous lieux de connexion (France + Etranger), quel que soit le terminal utilis\u00e9.<br \/>\u2022 Ecoutes actives France : (ou Sessions d\u2019Ecoutes actives France) : Nombre d\u2019Ecoutes d\u2019une Radio sur Internet, ouvertes depuis 30 secondes ou plus, uniquement depuis la France et DOM-TOM, quel que soit le terminal utilis\u00e9.<br \/>\u2022 Dur\u00e9e d\u2019Ecoute totale : Nombre d\u2019heures totales d\u2019\u00e9coute, dans le cadre d\u2019Ecoutes actives, tous lieux de connexion (France + Etranger) et quel que soit le terminal utilis\u00e9.<br \/>\u2022 Dur\u00e9e d\u2019Ecoute Moyenne : Dur\u00e9e moyenne d\u2019Ecoute d\u2019une Web Radio par session d\u2019Ecoute Active.<\/p>\n<p style=\"text-align: justify;\"><strong>R\u00e8gles et P\u00e9rim\u00e8tres :<\/strong><br \/>\u2013 Le flux audio doit \u00eatre diffus\u00e9 de fa\u00e7on \u00e0 ce que l\u2019utilisateur puisse y mettre fin par une action accessible et facilement identifiable depuis l\u2019\u00e9cran principal de son terminal. (Fonction Stop) Cette action devra imp\u00e9rativement cl\u00f4turer la diffusion du flux stream\u00e9. (et non en pause ou en Mute)<br \/>\u2013 Un seul et unique flux doit \u00eatre lanc\u00e9 et il devra \u00eatre audible d\u00e8s la 1ere seconde.<br \/>\u2013 Le flux ne doit pas \u00eatre volontairement interrompu par l\u2019\u00e9diteur en de\u00e7\u00e0 d\u2019une fois par 24 heures sauf circonstances exceptionnelles.<br \/>\u2013 L\u2019autoplay peut-\u00eatre utilis\u00e9 par l\u2019\u00e9diteur uniquement sur ses propres supports et de m\u00eame Marque. (Autoplay : Lancement automatique du flux lors de l\u2019ouverture du support)<\/p>\n<p>[\/et_pb_text][\/et_pb_column][\/et_pb_row][\/et_pb_section]<\/p>\n","protected":false},"excerpt":{"rendered":"<p>[et_pb_section fb_built=\u00a0\u00bb1&Prime; _builder_version=\u00a0\u00bb4.6.5&Prime; custom_margin=\u00a0\u00bb0px||||false|false\u00a0\u00bb custom_padding=\u00a0\u00bb0px||||false|false\u00a0\u00bb][et_pb_row _builder_version=\u00a0\u00bb4.6.5&Prime; background_size=\u00a0\u00bbinitial\u00a0\u00bb background_position=\u00a0\u00bbtop_left\u00a0\u00bb background_repeat=\u00a0\u00bbrepeat\u00a0\u00bb custom_margin=\u00a0\u00bb0px||||false|false\u00a0\u00bb custom_padding=\u00a0\u00bb0px||||false|false\u00a0\u00bb][et_pb_column type=\u00a0\u00bb4_4&Prime; _builder_version=\u00a0\u00bb3.25&Prime; custom_padding=\u00a0\u00bb|||\u00a0\u00bb custom_padding__hover=\u00a0\u00bb|||\u00a0\u00bb][et_pb_text _builder_version=\u00a0\u00bb4.8.0&Prime; text_font=\u00a0\u00bb|600|||||||\u00a0\u00bb header_5_font_size=\u00a0\u00bb10px\u00a0\u00bb background_size=\u00a0\u00bbinitial\u00a0\u00bb background_position=\u00a0\u00bbtop_left\u00a0\u00bb background_repeat=\u00a0\u00bbrepeat\u00a0\u00bb hover_enabled=\u00a0\u00bb0&Prime; sticky_enabled=\u00a0\u00bb0&Prime;] Top 3 sur les Ecoutes Actives dans le monde des 30 premi\u00e8res radios digitales fran\u00e7aises \u00ab\u00a0PURE-PLAYERS\u00a0\u00bb (ACPM FEV 2021) [\/et_pb_text][et_pb_divider color=\u00a0\u00bb#666666&Prime; divider_position=\u00a0\u00bbcenter\u00a0\u00bb _builder_version=\u00a0\u00bb4.6.5&Prime; _module_preset=\u00a0\u00bbdefault\u00a0\u00bb][\/et_pb_divider][et_pb_text _builder_version=\u00a0\u00bb4.8.0&Prime; text_font=\u00a0\u00bb|600|||||||\u00a0\u00bb header_5_font_size=\u00a0\u00bb10px\u00a0\u00bb background_size=\u00a0\u00bbinitial\u00a0\u00bb background_position=\u00a0\u00bbtop_left\u00a0\u00bb background_repeat=\u00a0\u00bbrepeat\u00a0\u00bb hover_enabled=\u00a0\u00bb0&Prime; sticky_enabled=\u00a0\u00bb0&Prime;] [&hellip;]<\/p>\n","protected":false},"author":3,"featured_media":0,"parent":0,"menu_order":0,"comment_status":"closed","ping_status":"closed","template":"","meta":{"_et_pb_use_builder":"on","_et_pb_old_content":"<h3><strong>Top 3 sur les Ecoutes Actives dans le monde des 30 premi\u00e8res radios digitales fran\u00e7aises \"PURE-PLAYERS\" (<a href=\"https:\/\/www.lawebradio.com\/docs\/2020\/stats-acpm-aout2020.pdf\" target=\"_blank\" rel=\"noopener noreferrer\"><span style=\"text-decoration: underline;\">ACPM AOUT 2020<\/span><\/a>)<\/strong><\/h3><p><a href=\"http:\/\/www.radiomeuh.com\/\" target=\"_blank\" rel=\"noopener noreferrer\"><img class=\"alignnone wp-image-450\" title=\"Ecoutez Radio Meuh\" src=\"https:\/\/www.lawebradio.com\/news\/wp-content\/uploads\/2018\/03\/top1-radio-meuh.jpg\" alt=\"\" width=\"514\" height=\"76\" \/><\/a><br \/><a href=\"https:\/\/www.nrj.fr\/webradios\" target=\"_blank\" rel=\"noopener noreferrer\"><img class=\"alignleft wp-image-961\" src=\"https:\/\/www.lawebradio.com\/news\/wp-content\/uploads\/2020\/02\/top02-nrj-hits.jpg\" alt=\"NRJ Hits\" width=\"514\" height=\"76\" \/><\/a><br \/><a href=\"http:\/\/www.djamradio.com\" target=\"_blank\" rel=\"noopener noreferrer\"><img class=\"alignnone wp-image-564\" src=\"https:\/\/www.lawebradio.com\/news\/wp-content\/uploads\/2018\/03\/top3-djam-radio.jpg\" alt=\"Djam Radio\" width=\"514\" height=\"76\" \/><\/a><\/p><p><img src=\"http:\/\/www.lawebradio.com\/news\/wp-content\/uploads\/2013\/11\/trait-sep.jpg\" alt=\"\" width=\"642\" height=\"11\" \/><\/p><h3><strong>Top 3 sur la Dur\u00e9e d'Ecoute Totale en heure dans le monde des 30 premi\u00e8res radios FM diffus\u00e9es en ligne (<a href=\"https:\/\/www.lawebradio.com\/docs\/2020\/stats-acpm-aout2020.pdf\" target=\"_blank\" rel=\"noopener noreferrer\"><span style=\"text-decoration: underline;\">ACPM AOUT 2020<\/span><\/a>)<\/strong><\/h3><p><a href=\"https:\/\/www.franceinter.fr\/\" target=\"_blank\" rel=\"noopener noreferrer\"><img class=\"alignnone wp-image-564\" src=\"https:\/\/www.lawebradio.com\/news\/wp-content\/uploads\/2016\/11\/top01-france-inter.jpg\" alt=\"France Inter\" width=\"514\" height=\"76\" \/><\/a><br \/><a href=\"http:\/\/rmc.bfmtv.com\/\" target=\"_blank\" rel=\"noopener noreferrer\"><img class=\"alignnone wp-image-445\" src=\"https:\/\/www.lawebradio.com\/news\/wp-content\/uploads\/2017\/04\/top02-rmc.jpg\" alt=\"RMC\" width=\"514\" height=\"76\" \/><\/a><br \/><a href=\"https:\/\/www.francetvinfo.fr\/\" target=\"_blank\" rel=\"noopener noreferrer\"><img class=\"alignnone wp-image-445\" src=\"https:\/\/www.lawebradio.com\/news\/wp-content\/uploads\/2016\/12\/top03-franceinfo.jpg\" alt=\"France Info\" width=\"514\" height=\"76\" \/><\/a><\/p><p><img src=\"http:\/\/www.lawebradio.com\/news\/wp-content\/uploads\/2013\/11\/trait-sep.jpg\" alt=\"\" width=\"642\" height=\"11\" \/><\/p><h3><strong>Top 3 sur les Ecoutes Actives en heure dans le monde des 30 premi\u00e8res radios FM diffus\u00e9es en ligne (<a href=\"https:\/\/www.lawebradio.com\/docs\/2020\/stats-acpm-aout2020.pdf\" target=\"_blank\" rel=\"noopener noreferrer\"><span style=\"text-decoration: underline;\">ACPM AOUT 2020<\/span><\/a>)<\/strong><\/h3><p><a href=\"https:\/\/www.franceinter.fr\/\" target=\"_blank\" rel=\"noopener noreferrer\"><img class=\"alignnone wp-image-564\" src=\"https:\/\/www.lawebradio.com\/news\/wp-content\/uploads\/2016\/11\/top01-france-inter.jpg\" alt=\"France Inter\" width=\"514\" height=\"76\" \/><\/a><a href=\"http:\/\/rmc.bfmtv.com\/\" target=\"_blank\" rel=\"noopener noreferrer\"><br \/><\/a><a href=\"http:\/\/rmc.bfmtv.com\/\" target=\"_blank\" rel=\"noopener noreferrer\"><img class=\"alignnone wp-image-445\" src=\"https:\/\/www.lawebradio.com\/news\/wp-content\/uploads\/2017\/04\/top02-rmc.jpg\" alt=\"RMC\" width=\"514\" height=\"76\" \/><\/a><a href=\"http:\/\/rmc.bfmtv.com\/\" target=\"_blank\" rel=\"noopener noreferrer\"><br \/><\/a><a href=\"https:\/\/www.francetvinfo.fr\/\" target=\"_blank\" rel=\"noopener noreferrer\"><img class=\"alignnone wp-image-445\" src=\"https:\/\/www.lawebradio.com\/news\/wp-content\/uploads\/2016\/12\/top03-franceinfo.jpg\" alt=\"France Info\" width=\"514\" height=\"76\" \/><\/a><br \/><img src=\"http:\/\/www.lawebradio.com\/news\/wp-content\/uploads\/2013\/11\/trait-sep.jpg\" alt=\"\" width=\"642\" height=\"11\" \/><\/p><h5 style=\"text-align: justify;\"><strong>D\u00e9finitions<\/strong><br \/>\u2022 Une Web Radio : Une Web Radio correspond au flux audio \"live\" diffus\u00e9 simultan\u00e9ment dans le Monde et sur n'importe quel type de terminal num\u00e9rique, tel qu'un P.C., un Smartphone, une Tablette, une TV connect\u00e9e, une Box Internet, un transistor num\u00e9rique ou encore un autoradio connect\u00e9, agr\u00e9gateurs de flux, etc. Une Web radio reprend, soit la radio d\u00e9j\u00e0 diffus\u00e9e sur les ondes, soit le flux audio uniquement disponible sur le r\u00e9seau num\u00e9rique.<br \/>\u2022 Ecoutes actives Monde (ou Sessions d\u2019Ecoutes actives Monde) : Nombre d\u2019Ecoutes totales d\u2019une Radio sur Internet, ouvertes depuis 30 secondes ou plus, tous lieux de connexion (France + Etranger), quel que soit le terminal utilis\u00e9.<br \/>\u2022 Ecoutes actives France : (ou Sessions d\u2019Ecoutes actives France) : Nombre d\u2019Ecoutes d\u2019une Radio sur Internet, ouvertes depuis 30 secondes ou plus, uniquement depuis la France et DOM-TOM, quel que soit le terminal utilis\u00e9.<br \/>\u2022 Dur\u00e9e d'Ecoute totale : Nombre d\u2019heures totales d\u2019\u00e9coute, dans le cadre d\u2019Ecoutes actives, tous lieux de connexion (France + Etranger) et quel que soit le terminal utilis\u00e9.<br \/>\u2022 Dur\u00e9e d'Ecoute Moyenne : Dur\u00e9e moyenne d'Ecoute d'une Web Radio par session d'Ecoute Active.<\/h5><h5 style=\"text-align: justify;\"><strong>R\u00e8gles et P\u00e9rim\u00e8tres :<\/strong><br \/>- Le flux audio doit \u00eatre diffus\u00e9 de fa\u00e7on \u00e0 ce que l\u2019utilisateur puisse y mettre fin par une action accessible et facilement identifiable depuis l\u2019\u00e9cran principal de son terminal. (Fonction Stop) Cette action devra imp\u00e9rativement cl\u00f4turer la diffusion du flux stream\u00e9. (et non en pause ou en Mute)<br \/>- Un seul et unique flux doit \u00eatre lanc\u00e9 et il devra \u00eatre audible d\u00e8s la 1ere seconde.<br \/>- Le flux ne doit pas \u00eatre volontairement interrompu par l'\u00e9diteur en de\u00e7\u00e0 d'une fois par 24 heures sauf circonstances exceptionnelles.<br \/>- L'autoplay peut-\u00eatre utilis\u00e9 par l'\u00e9diteur uniquement sur ses propres supports et de m\u00eame Marque. (Autoplay : Lancement automatique du flux lors de l'ouverture du support)<\/h5>","_et_gb_content_width":"","footnotes":""},"class_list":["post-432","page","type-page","status-publish","hentry"],"yoast_head":"<!-- This site is optimized with the Yoast SEO plugin v27.5 - https:\/\/yoast.com\/product\/yoast-seo-wordpress\/ -->\n<title>Classement des radios digitales les plus \u00e9cout\u00e9es - Lawebradio.com - Actualit\u00e9s des radios digitales<\/title>\n<meta name=\"description\" content=\"Classement officiel des webradios, radios num\u00e9riques, radios digitales les plus \u00e9cout\u00e9es selon le rapport mensuel de l&#039;OJD ACPM.\" \/>\n<meta name=\"robots\" content=\"index, follow, max-snippet:-1, max-image-preview:large, max-video-preview:-1\" \/>\n<link rel=\"canonical\" href=\"https:\/\/www.lawebradio.com\/news\/best-of-mensuel-radios-numeriques-les-ecoutees\/\" \/>\n<meta property=\"og:locale\" content=\"fr_FR\" \/>\n<meta property=\"og:type\" content=\"article\" \/>\n<meta property=\"og:title\" content=\"Classement des radios digitales les plus \u00e9cout\u00e9es - Lawebradio.com - Actualit\u00e9s des radios digitales\" \/>\n<meta property=\"og:description\" content=\"Classement officiel des webradios, radios num\u00e9riques, radios digitales les plus \u00e9cout\u00e9es selon le rapport mensuel de l&#039;OJD ACPM.\" \/>\n<meta property=\"og:url\" content=\"https:\/\/www.lawebradio.com\/news\/best-of-mensuel-radios-numeriques-les-ecoutees\/\" \/>\n<meta property=\"og:site_name\" content=\"Lawebradio.com - Actualit\u00e9s des radios digitales\" \/>\n<meta property=\"article:modified_time\" content=\"2021-03-18T20:47:36+00:00\" \/>\n<meta property=\"og:image\" content=\"https:\/\/www.lawebradio.com\/news\/wp-content\/uploads\/2018\/03\/top1-radio-meuh.jpg\" \/>\n<meta name=\"twitter:label1\" content=\"Dur\u00e9e de lecture estim\u00e9e\" \/>\n\t<meta name=\"twitter:data1\" content=\"3 minutes\" \/>\n<script type=\"application\/ld+json\" class=\"yoast-schema-graph\">{\"@context\":\"https:\\\/\\\/schema.org\",\"@graph\":[{\"@type\":\"WebPage\",\"@id\":\"https:\\\/\\\/www.lawebradio.com\\\/news\\\/best-of-mensuel-radios-numeriques-les-ecoutees\\\/\",\"url\":\"https:\\\/\\\/www.lawebradio.com\\\/news\\\/best-of-mensuel-radios-numeriques-les-ecoutees\\\/\",\"name\":\"Classement des radios digitales les plus \u00e9cout\u00e9es - Lawebradio.com - Actualit\u00e9s des radios digitales\",\"isPartOf\":{\"@id\":\"https:\\\/\\\/www.lawebradio.com\\\/news\\\/#website\"},\"primaryImageOfPage\":{\"@id\":\"https:\\\/\\\/www.lawebradio.com\\\/news\\\/best-of-mensuel-radios-numeriques-les-ecoutees\\\/#primaryimage\"},\"image\":{\"@id\":\"https:\\\/\\\/www.lawebradio.com\\\/news\\\/best-of-mensuel-radios-numeriques-les-ecoutees\\\/#primaryimage\"},\"thumbnailUrl\":\"https:\\\/\\\/www.lawebradio.com\\\/news\\\/wp-content\\\/uploads\\\/2018\\\/03\\\/top1-radio-meuh.jpg\",\"datePublished\":\"2013-11-08T15:19:07+00:00\",\"dateModified\":\"2021-03-18T20:47:36+00:00\",\"description\":\"Classement officiel des webradios, radios num\u00e9riques, radios digitales les plus \u00e9cout\u00e9es selon le rapport mensuel de l'OJD ACPM.\",\"inLanguage\":\"fr-FR\",\"potentialAction\":[{\"@type\":\"ReadAction\",\"target\":[\"https:\\\/\\\/www.lawebradio.com\\\/news\\\/best-of-mensuel-radios-numeriques-les-ecoutees\\\/\"]}]},{\"@type\":\"ImageObject\",\"inLanguage\":\"fr-FR\",\"@id\":\"https:\\\/\\\/www.lawebradio.com\\\/news\\\/best-of-mensuel-radios-numeriques-les-ecoutees\\\/#primaryimage\",\"url\":\"https:\\\/\\\/www.lawebradio.com\\\/news\\\/wp-content\\\/uploads\\\/2018\\\/03\\\/top1-radio-meuh.jpg\",\"contentUrl\":\"https:\\\/\\\/www.lawebradio.com\\\/news\\\/wp-content\\\/uploads\\\/2018\\\/03\\\/top1-radio-meuh.jpg\",\"width\":642,\"height\":95},{\"@type\":\"WebSite\",\"@id\":\"https:\\\/\\\/www.lawebradio.com\\\/news\\\/#website\",\"url\":\"https:\\\/\\\/www.lawebradio.com\\\/news\\\/\",\"name\":\"Lawebradio.com - Actualit\u00e9s des radios digitales\",\"description\":\"\",\"publisher\":{\"@id\":\"https:\\\/\\\/www.lawebradio.com\\\/news\\\/#organization\"},\"potentialAction\":[{\"@type\":\"SearchAction\",\"target\":{\"@type\":\"EntryPoint\",\"urlTemplate\":\"https:\\\/\\\/www.lawebradio.com\\\/news\\\/?s={search_term_string}\"},\"query-input\":{\"@type\":\"PropertyValueSpecification\",\"valueRequired\":true,\"valueName\":\"search_term_string\"}}],\"inLanguage\":\"fr-FR\"},{\"@type\":\"Organization\",\"@id\":\"https:\\\/\\\/www.lawebradio.com\\\/news\\\/#organization\",\"name\":\"Lawebradio.com - Actualit\u00e9s des radios digitales\",\"url\":\"https:\\\/\\\/www.lawebradio.com\\\/news\\\/\",\"logo\":{\"@type\":\"ImageObject\",\"inLanguage\":\"fr-FR\",\"@id\":\"https:\\\/\\\/www.lawebradio.com\\\/news\\\/#\\\/schema\\\/logo\\\/image\\\/\",\"url\":\"https:\\\/\\\/www.lawebradio.com\\\/news\\\/wp-content\\\/uploads\\\/2020\\\/10\\\/logo2020.png\",\"contentUrl\":\"https:\\\/\\\/www.lawebradio.com\\\/news\\\/wp-content\\\/uploads\\\/2020\\\/10\\\/logo2020.png\",\"width\":254,\"height\":43,\"caption\":\"Lawebradio.com - Actualit\u00e9s des radios digitales\"},\"image\":{\"@id\":\"https:\\\/\\\/www.lawebradio.com\\\/news\\\/#\\\/schema\\\/logo\\\/image\\\/\"}}]}<\/script>\n<!-- \/ Yoast SEO plugin. -->","yoast_head_json":{"title":"Classement des radios digitales les plus \u00e9cout\u00e9es - Lawebradio.com - Actualit\u00e9s des radios digitales","description":"Classement officiel des webradios, radios num\u00e9riques, radios digitales les plus \u00e9cout\u00e9es selon le rapport mensuel de l'OJD ACPM.","robots":{"index":"index","follow":"follow","max-snippet":"max-snippet:-1","max-image-preview":"max-image-preview:large","max-video-preview":"max-video-preview:-1"},"canonical":"https:\/\/www.lawebradio.com\/news\/best-of-mensuel-radios-numeriques-les-ecoutees\/","og_locale":"fr_FR","og_type":"article","og_title":"Classement des radios digitales les plus \u00e9cout\u00e9es - Lawebradio.com - Actualit\u00e9s des radios digitales","og_description":"Classement officiel des webradios, radios num\u00e9riques, radios digitales les plus \u00e9cout\u00e9es selon le rapport mensuel de l'OJD ACPM.","og_url":"https:\/\/www.lawebradio.com\/news\/best-of-mensuel-radios-numeriques-les-ecoutees\/","og_site_name":"Lawebradio.com - Actualit\u00e9s des radios digitales","article_modified_time":"2021-03-18T20:47:36+00:00","og_image":[{"url":"https:\/\/www.lawebradio.com\/news\/wp-content\/uploads\/2018\/03\/top1-radio-meuh.jpg","type":"","width":"","height":""}],"twitter_misc":{"Dur\u00e9e de lecture estim\u00e9e":"3 minutes"},"schema":{"@context":"https:\/\/schema.org","@graph":[{"@type":"WebPage","@id":"https:\/\/www.lawebradio.com\/news\/best-of-mensuel-radios-numeriques-les-ecoutees\/","url":"https:\/\/www.lawebradio.com\/news\/best-of-mensuel-radios-numeriques-les-ecoutees\/","name":"Classement des radios digitales les plus \u00e9cout\u00e9es - Lawebradio.com - Actualit\u00e9s des radios digitales","isPartOf":{"@id":"https:\/\/www.lawebradio.com\/news\/#website"},"primaryImageOfPage":{"@id":"https:\/\/www.lawebradio.com\/news\/best-of-mensuel-radios-numeriques-les-ecoutees\/#primaryimage"},"image":{"@id":"https:\/\/www.lawebradio.com\/news\/best-of-mensuel-radios-numeriques-les-ecoutees\/#primaryimage"},"thumbnailUrl":"https:\/\/www.lawebradio.com\/news\/wp-content\/uploads\/2018\/03\/top1-radio-meuh.jpg","datePublished":"2013-11-08T15:19:07+00:00","dateModified":"2021-03-18T20:47:36+00:00","description":"Classement officiel des webradios, radios num\u00e9riques, radios digitales les plus \u00e9cout\u00e9es selon le rapport mensuel de l'OJD ACPM.","inLanguage":"fr-FR","potentialAction":[{"@type":"ReadAction","target":["https:\/\/www.lawebradio.com\/news\/best-of-mensuel-radios-numeriques-les-ecoutees\/"]}]},{"@type":"ImageObject","inLanguage":"fr-FR","@id":"https:\/\/www.lawebradio.com\/news\/best-of-mensuel-radios-numeriques-les-ecoutees\/#primaryimage","url":"https:\/\/www.lawebradio.com\/news\/wp-content\/uploads\/2018\/03\/top1-radio-meuh.jpg","contentUrl":"https:\/\/www.lawebradio.com\/news\/wp-content\/uploads\/2018\/03\/top1-radio-meuh.jpg","width":642,"height":95},{"@type":"WebSite","@id":"https:\/\/www.lawebradio.com\/news\/#website","url":"https:\/\/www.lawebradio.com\/news\/","name":"Lawebradio.com - Actualit\u00e9s des radios digitales","description":"","publisher":{"@id":"https:\/\/www.lawebradio.com\/news\/#organization"},"potentialAction":[{"@type":"SearchAction","target":{"@type":"EntryPoint","urlTemplate":"https:\/\/www.lawebradio.com\/news\/?s={search_term_string}"},"query-input":{"@type":"PropertyValueSpecification","valueRequired":true,"valueName":"search_term_string"}}],"inLanguage":"fr-FR"},{"@type":"Organization","@id":"https:\/\/www.lawebradio.com\/news\/#organization","name":"Lawebradio.com - Actualit\u00e9s des radios digitales","url":"https:\/\/www.lawebradio.com\/news\/","logo":{"@type":"ImageObject","inLanguage":"fr-FR","@id":"https:\/\/www.lawebradio.com\/news\/#\/schema\/logo\/image\/","url":"https:\/\/www.lawebradio.com\/news\/wp-content\/uploads\/2020\/10\/logo2020.png","contentUrl":"https:\/\/www.lawebradio.com\/news\/wp-content\/uploads\/2020\/10\/logo2020.png","width":254,"height":43,"caption":"Lawebradio.com - Actualit\u00e9s des radios digitales"},"image":{"@id":"https:\/\/www.lawebradio.com\/news\/#\/schema\/logo\/image\/"}}]}},"_links":{"self":[{"href":"https:\/\/www.lawebradio.com\/news\/wp-json\/wp\/v2\/pages\/432","targetHints":{"allow":["GET"]}}],"collection":[{"href":"https:\/\/www.lawebradio.com\/news\/wp-json\/wp\/v2\/pages"}],"about":[{"href":"https:\/\/www.lawebradio.com\/news\/wp-json\/wp\/v2\/types\/page"}],"author":[{"embeddable":true,"href":"https:\/\/www.lawebradio.com\/news\/wp-json\/wp\/v2\/users\/3"}],"replies":[{"embeddable":true,"href":"https:\/\/www.lawebradio.com\/news\/wp-json\/wp\/v2\/comments?post=432"}],"version-history":[{"count":211,"href":"https:\/\/www.lawebradio.com\/news\/wp-json\/wp\/v2\/pages\/432\/revisions"}],"predecessor-version":[{"id":7199,"href":"https:\/\/www.lawebradio.com\/news\/wp-json\/wp\/v2\/pages\/432\/revisions\/7199"}],"wp:attachment":[{"href":"https:\/\/www.lawebradio.com\/news\/wp-json\/wp\/v2\/media?parent=432"}],"curies":[{"name":"wp","href":"https:\/\/api.w.org\/{rel}","templated":true}]}}