{"version":"1.0","provider_name":"Lawebradio.com - Actualit\u00e9s des radios digitales","provider_url":"https:\/\/www.lawebradio.com\/news","author_name":"Julien Lecourbe","author_url":"https:\/\/www.lawebradio.com\/news\/author\/la-redaction\/","title":"Quel est l\u2019avenir de la radio ?  - Lawebradio.com - Actualit\u00e9s des radios digitales","type":"rich","width":600,"height":338,"html":"<blockquote class=\"wp-embedded-content\" data-secret=\"TkdrdfPO0N\"><a href=\"https:\/\/www.lawebradio.com\/news\/quel-lavenir-radio\/\">Quel est l\u2019avenir de la radio ?<\/a><\/blockquote><iframe sandbox=\"allow-scripts\" security=\"restricted\" src=\"https:\/\/www.lawebradio.com\/news\/quel-lavenir-radio\/embed\/#?secret=TkdrdfPO0N\" width=\"600\" height=\"338\" title=\"\u00ab\u00a0Quel est l\u2019avenir de la radio ?\u00a0\u00bb &#8212; Lawebradio.com - Actualit\u00e9s des radios digitales\" data-secret=\"TkdrdfPO0N\" frameborder=\"0\" marginwidth=\"0\" marginheight=\"0\" scrolling=\"no\" class=\"wp-embedded-content\"><\/iframe><script type=\"text\/javascript\">\n\/* <![CDATA[ *\/\n\/*! This file is auto-generated *\/\n!function(d,l){\"use strict\";l.querySelector&&d.addEventListener&&\"undefined\"!=typeof URL&&(d.wp=d.wp||{},d.wp.receiveEmbedMessage||(d.wp.receiveEmbedMessage=function(e){var t=e.data;if((t||t.secret||t.message||t.value)&&!\/[^a-zA-Z0-9]\/.test(t.secret)){for(var s,r,n,a=l.querySelectorAll('iframe[data-secret=\"'+t.secret+'\"]'),o=l.querySelectorAll('blockquote[data-secret=\"'+t.secret+'\"]'),c=new RegExp(\"^https?:$\",\"i\"),i=0;i<o.length;i++)o[i].style.display=\"none\";for(i=0;i<a.length;i++)s=a[i],e.source===s.contentWindow&&(s.removeAttribute(\"style\"),\"height\"===t.message?(1e3<(r=parseInt(t.value,10))?r=1e3:~~r<200&&(r=200),s.height=r):\"link\"===t.message&&(r=new URL(s.getAttribute(\"src\")),n=new URL(t.value),c.test(n.protocol))&&n.host===r.host&&l.activeElement===s&&(d.top.location.href=t.value))}},d.addEventListener(\"message\",d.wp.receiveEmbedMessage,!1),l.addEventListener(\"DOMContentLoaded\",function(){for(var e,t,s=l.querySelectorAll(\"iframe.wp-embedded-content\"),r=0;r<s.length;r++)(t=(e=s[r]).getAttribute(\"data-secret\"))||(t=Math.random().toString(36).substring(2,12),e.src+=\"#?secret=\"+t,e.setAttribute(\"data-secret\",t)),e.contentWindow.postMessage({message:\"ready\",secret:t},\"*\")},!1)))}(window,document);\n\/\/# sourceURL=https:\/\/www.lawebradio.com\/news\/wp-includes\/js\/wp-embed.min.js\n\/* ]]> *\/\n<\/script>\n","thumbnail_url":"https:\/\/www.lawebradio.com\/news\/wp-content\/uploads\/2013\/12\/ima-avenir-radio2013.jpg","thumbnail_width":642,"thumbnail_height":310,"description":"Dans un contexte tr\u00e8s mouvant, la radio FM se conforme au bon vieil adage : Pour vivre heureux, vivons cach\u00e9s. March\u00e9 relativement petit, plut\u00f4t \u00e9clat\u00e9 et d\u00e9pendant des contextes nationaux, elle n\u2019a jamais \u00e9t\u00e9 la cible des majors du Net, du fait de barri\u00e8res r\u00e9glementaires et culturelles plus importantes que l\u2019enjeu financier. La technique \u00e9volue, [&hellip;]"}